{"id":56,"date":"2024-12-05T12:46:09","date_gmt":"2024-12-05T12:46:09","guid":{"rendered":"https:\/\/dogusperakende.com.tr\/?page_id=56"},"modified":"2024-12-06T07:50:15","modified_gmt":"2024-12-06T07:50:15","slug":"kisisel-verilen-korunmasi","status":"publish","type":"page","link":"https:\/\/dogusperakende.com.tr\/?page_id=56","title":{"rendered":"Ki\u015fisel Verilen Korunmas\u0131"},"content":{"rendered":"\n<h2 class=\"wp-block-heading\">DO\u011eU\u015e PERAKENDE G\u0130ZL\u0130L\u0130K VE K\u0130\u015e\u0130SEL VER\u0130LER\u0130N KORUNMASI POL\u0130T\u0130KASI AYDINLATMA METN\u0130 VE A\u00c7IK RIZA METN\u0130<\/h2>\n\n\n\n<p>Ki\u015fisel verilerin korunmas\u0131 Do\u011fu\u015f Perakende Sat\u0131\u015f Giyim ve Aksesuar Ticaret A.\u015e. (\u201cDP\u201d) i\u00e7in \u00f6nemli bir konudur. DP veri sorumlusu olarak, 6698 Say\u0131l\u0131 Ki\u015fisel Verilerin Korunmas\u0131 Kanunu\u2019na (\u201cKVK Kanunu\u201d) uyum sa\u011flanmas\u0131 i\u00e7in KVK Kanunu\u2019nun \u00f6ng\u00f6rd\u00fc\u011f\u00fc ilkeleri benimsemekte, ki\u015fisel verilerin i\u015flenmesi, silinmesi, yok edilmesi, anonim hale getirilmesi, aktar\u0131lmas\u0131, ilgili ki\u015finin ayd\u0131nlat\u0131lmas\u0131 ve veri g\u00fcvenli\u011finin sa\u011flanmas\u0131yla ilgili y\u00fck\u00fcml\u00fcl\u00fcklerini yerine getirmektedir. Bu kapsamda d\u00fczenlenen Gizlilik ve Ki\u015fisel Verilerin Korunmas\u0131 Politikas\u0131 ki\u015fisel verisi i\u015flenen ger\u00e7ek ki\u015filerin (\u201c\u0130lgili Ki\u015fi\u201d) eri\u015fimine sunulmaktad\u0131r.<\/p>\n\n\n\n<h3 class=\"wp-block-heading\">1. Gizlilik ve Ki\u015fisel Verilerin Korunmas\u0131 Politikas\u0131n\u0131n Kapsam ve Amac\u0131<\/h3>\n\n\n\n<p>\u0130\u015fbu Gizlilik ve Ki\u015fisel Verilerin Korunmas\u0131 Politikas\u0131;<\/p>\n\n\n\n<p>a. Ki\u015fisel verileri toplama y\u00f6ntemlerini ve hukuki sebeplerini,<\/p>\n\n\n\n<p>b. Hangi ki\u015fi gruplar\u0131n\u0131n ki\u015fisel verilerinin i\u015flendi\u011fini (Veri Konusu Ki\u015fi Grubu Kategorizasyonu),<\/p>\n\n\n\n<p>c. Bu ki\u015fi gruplar\u0131na ili\u015fkin olarak hangi kategoride ki\u015fisel veri i\u015flendi\u011fini (Veri Kategorileri) ve \u00f6rnek veri t\u00fcrlerini,<\/p>\n\n\n\n<p>d. Bu ki\u015fisel verilerin hangi i\u015f s\u00fcre\u00e7lerinde ve hangi ama\u00e7larla kullan\u0131ld\u0131\u011f\u0131n\u0131,<\/p>\n\n\n\n<p>e. Ki\u015fisel verilerin g\u00fcvenli\u011fini sa\u011flamak amac\u0131yla al\u0131nan teknik ve idari tedbirleri,<\/p>\n\n\n\n<p>f. Ki\u015fisel verilerin kimlere ve hangi ama\u00e7la aktar\u0131labilece\u011fini,<\/p>\n\n\n\n<p>g. Ki\u015fisel verileri saklama s\u00fcrelerini,<\/p>\n\n\n\n<p>h. \u0130lgili Ki\u015filer\u2019in ki\u015fisel verileri \u00fczerindeki haklar\u0131n\u0131n neler oldu\u011funu ve bu haklar\u0131 nas\u0131l kullanabileceklerini,<\/p>\n\n\n\n<p>i. \u0130lgili Ki\u015filer\u2019in elektronik ticari ileti alma konusundaki olumlu veya olumsuz tercihlerini nas\u0131l de\u011fi\u015ftirebileceklerini,<\/p>\n\n\n\n<p>a\u00e7\u0131klamaktad\u0131r.<\/p>\n\n\n\n<h4 class=\"wp-block-heading\">a. Ki\u015fisel Verileri Toplama Y\u00f6ntemleri ve Hukuki Sebepleri<\/h4>\n\n\n\n<p>DP ki\u015fisel verileri web sitesi, \u00e7erezler, bilgi formlar\u0131, idari ve adli makamlardan gelen tebligatlar ve sair ileti\u015fim kanallar\u0131 arac\u0131l\u0131\u011f\u0131yla elektronik veya yaz\u0131l\u0131 olarak, KVK Kanunu\u2019nda belirtilen ki\u015fisel veri i\u015fleme \u015fartlar\u0131na uygun olarak ve i\u015fbu Gizlilik\/Ki\u015fisel Verilerin Korunmas\u0131 Politikas\u0131nda belirtilen hukuki sebepler do\u011frultusunda toplamaktad\u0131r.<\/p>\n\n\n\n<h4 class=\"wp-block-heading\">b. Veri Konusu Ki\u015fi Grubu Kategorizasyonu<\/h4>\n\n\n\n<p>DP ki\u015fisel veri i\u015fleme s\u00fcre\u00e7lerinde ve bu s\u00fcre\u00e7lere ba\u011fl\u0131 faaliyetlerde ki\u015fisel verileri i\u015flenen veri konusu ki\u015fi gruplar\u0131n\u0131 a\u015fa\u011f\u0131daki \u015fekilde kategorize etmektedir. Bununla beraber KVK Kanunu\u2019nun 5. ve 6. maddelerinde belirtilen ki\u015fisel veri i\u015fleme \u015fartlar\u0131na uygun olarak ve i\u015fbu Gizlilik\/Ki\u015fisel Verilerin Korunmas\u0131 Politikas\u0131\u2019nda belirtilen hukuki sebepler do\u011frultusunda sair ki\u015fi gruplar\u0131n\u0131n da (dan\u0131\u015fman, influncer vb.) ki\u015fisel verileri i\u015flenebilmektedir.<\/p>\n\n\n\n<h4 class=\"wp-block-heading\">c. Veri Kategorileri ve \u00d6rnek Veri T\u00fcrleri<\/h4>\n\n\n\n<figure class=\"wp-block-table\"><table><tbody><tr><td>1<\/td><td>\u00a0<strong>a) M\u00fc\u015fteri Verisi<\/strong>\u00a0<br><br><strong>Kimlik Bilgisi:<\/strong>\u00a0Ad, soyad\u0131, T.C. kimlik numaras\u0131<br><strong>\u0130leti\u015fim Bilgisi:<\/strong>\u00a0cep telefonu, e-posta adresi, adres<br><strong>Finansal Bilgi:<\/strong>\u00a0Vergi dairesi, fatura bilgileri<br><strong>M\u00fc\u015fteri \u0130\u015flem Bilgisi:<\/strong>\u00a0sat\u0131n al\u0131nan \u00fcr\u00fcn\/ler, al\u0131\u015fveri\u015f tutar\u0131, al\u0131\u015fveri\u015f tarihi, ticari ileti\u015fim izni, \u00f6deme bilgisi<br><strong>Pazarlama Bilgisi:<\/strong>\u00a0\u0130lgili ki\u015finin verdi\u011fi ticari elektronik ileti iznine istinaden g\u00f6nderilen pazarlama ama\u00e7l\u0131 sms, e-posta mesajlar\u0131<\/td><\/tr><tr><td>2<\/td><td><strong>\u00c7evrimi\u00e7i Ziyaret\u00e7i<\/strong><br><br><strong>\u0130\u015flem G\u00fcvenli\u011fi Bilgisi:<\/strong>\u00a0\u015eifre, cep telefonu, parola bilgileri<br><strong>Hukuki \u0130\u015flem Bilgisi\/Risk Y\u00f6netimi Bilgisi:<\/strong>\u00a0IP adresi<br><strong>Hukuki \u0130\u015flem ve Uyum Bilgisi:<\/strong>\u00a0Verilen hizmetin ba\u015flama ve biti\u015f zaman\u0131, yararlan\u0131lan hizmetin t\u00fcr\u00fc, aktar\u0131lan veri miktar\u0131.<\/td><\/tr><tr><td>3<\/td><td><strong>Web sitesi kullan\u0131c\u0131lar\u0131<\/strong><br><br><strong>Kimlik Bilgisi:<\/strong>\u00a0Ad, soyad\u0131, do\u011fum tarihi,<br><strong>\u0130leti\u015fim Bilgisi:<\/strong>\u00a0cep telefonu, e-posta adresi, adres<\/td><\/tr><tr><td>4<\/td><td>\u00a0<strong>Tedarik\u00e7i veya Tedarik\u00e7i \u00c7al\u0131\u015fan\u0131 veya Yetkilisi<\/strong><br><br>\u00a0<strong>Kimlik Bilgisi:<\/strong>\u00a0TC Kimlik No, Ad soyad\u0131<strong>\u0130leti\u015fim Bilgisi:<\/strong>\u00a0e-posta adresi, telefon, KEP adresi, adres, cep telefonu<br><strong>Finansal Bilgi:<\/strong>\u00a0Hesap No, Vergi dairesi, Vergi Kimlik Numaras\u0131, vergi levhas\u0131, IBAN<br><strong>Hukuki \u0130\u015flem ve Uyum Bilgisi:<\/strong>\u00a0\u0130mza sirk\u00fcler, faaliyet belgesi,<br><strong>\u00d6zel Nitelikli Ki\u015fisel Veri\/Hukuki \u0130\u015flem Bilgisi:<\/strong>\u00a0\u0130mza<\/td><\/tr><\/tbody><\/table><\/figure>\n\n\n\n<h4 class=\"wp-block-heading\">d. Ki\u015fisel Verilerin Hangi \u0130\u015f S\u00fcre\u00e7lerinde ve Hangi Ama\u00e7larla Kullan\u0131ld\u0131\u011f\u0131<\/h4>\n\n\n\n<figure class=\"wp-block-table\"><table><tbody><tr><td>&nbsp; &nbsp; &nbsp;1.<\/td><td><strong>a) M\u00fc\u015fteri Verisi<\/strong><br><br>M\u00fc\u015fterinin a\u00e7\u0131k r\u0131zas\u0131 do\u011frultusunda, mal\/\u00fcr\u00fcn ve hizmetlerin tan\u0131t\u0131m\u0131n\u0131n ve pazarlamas\u0131n\u0131n yap\u0131lmas\u0131,M\u00fc\u015fteri sorun ve \u015fikayetlerinin \u00e7\u00f6z\u00fcmlenmesi,Muhasebe ve faturaland\u0131rma i\u015flemlerinin icras\u0131 ve takibi,Hukuki s\u00fcre\u00e7ler ve mevzuata uyum,\u0130dari ve adli makamlardan gelen bilgi taleplerinin cevapland\u0131r\u0131lmas\u0131,\u0130\u015flenen verilerin g\u00fcncel ve do\u011fru olmas\u0131n\u0131n sa\u011flanmas\u0131 amac\u0131yla gerekli d\u00fczenlemelerin yap\u0131lmas\u0131Fiziksel mek\u00e2n g\u00fcvenli\u011finin sa\u011flanmas\u0131<\/td><\/tr><tr><td>&nbsp; &nbsp; &nbsp;2.<\/td><td><strong>\u00c7evrimi\u00e7i Ziyaret\u00e7i Ki\u015fisel Verileri<\/strong><br><br>5651 say\u0131l\u0131 Kanun kapsam\u0131nda \u00e7evrimi\u00e7i ziyaret\u00e7i verilerinin i\u015flenmesi,Hukuki s\u00fcre\u00e7ler ve mevzuata uyum,\u0130dari ve adli makamlardan gelen bilgi taleplerinin cevapland\u0131r\u0131lmas\u0131,Bilgi ve i\u015flem g\u00fcvenli\u011fi sa\u011flanmas\u0131 ve k\u00f6t\u00fc ama\u00e7l\u0131 kullan\u0131m\u0131n \u00f6nlenmesi,Hukuki y\u00fck\u00fcml\u00fcl\u00fcklerin yerine getirilmesi<\/td><\/tr><tr><td>&nbsp; &nbsp; &nbsp;3.<\/td><td><strong>Web sitesi kullan\u0131c\u0131lar\u0131<\/strong><br><br>DP\u2019ye ait son yenilikler, yeni \u00fcr\u00fcnler, size \u00f6zel teklifer, yeni a\u00e7\u0131l\u0131\u015flar hakk\u0131nda bilgi almak isteyen kullan\u0131c\u0131lar ileti g\u00f6ndermek,<\/td><\/tr><tr><td>&nbsp; &nbsp; &nbsp;4.<\/td><td><strong>Tedarik\u00e7i veya Tedarik\u00e7i \u00c7al\u0131\u015fan\u0131 veya Yetkilisi Ki\u015fisel Verileri<\/strong><br><br>S\u00f6zle\u015fme s\u00fcre\u00e7lerinin y\u00fcr\u00fct\u00fclmesi,Tedarik\u00e7i ile ileti\u015fimin s\u00fcrd\u00fcr\u00fclmesi,Muhasebe ve sat\u0131n alma i\u015flemlerinin takibi,Faturaland\u0131rma s\u00fcre\u00e7lerinin icras\u0131 ve takibi,Hukuki s\u00fcre\u00e7ler ve mevzuata uyum,\u0130dari ve adli makamlardan gelen bilgi taleplerinin cevapland\u0131r\u0131lmas\u0131,Hukuki y\u00fck\u00fcml\u00fcl\u00fcklerin yerine getirilmesi<\/td><\/tr><\/tbody><\/table><\/figure>\n\n\n\n<h4 class=\"wp-block-heading\">e. Ki\u015fisel Verilerin G\u00fcvenli\u011fini Sa\u011flamak Amac\u0131yla Al\u0131nan Teknik ve \u0130dari Tedbirler<\/h4>\n\n\n\n<p>DP, ki\u015fisel verilerinizin gizlili\u011fi, b\u00fct\u00fcnl\u00fc\u011f\u00fc ve g\u00fcvenli\u011finin sa\u011flanmas\u0131 i\u00e7in gerekli teknik ve idari her t\u00fcrl\u00fc tedbiri almay\u0131 ve gerekli \u00f6zeni g\u00f6stermeyi taahh\u00fct etmektedir.<\/p>\n\n\n\n<p>DP, ki\u015fisel verilere yetkisiz eri\u015fimi, hatal\u0131 kullan\u0131m\u0131, ki\u015fisel verilerin hukuka ayk\u0131r\u0131 olarak i\u015flenmesini, if\u015fa edilmesini, de\u011fi\u015ftirilmesini veya imha edilmesini engellemek i\u00e7in gerekli \u00f6nlemleri almaktad\u0131r. DP ki\u015fisel verileri i\u015flerken g\u00fcvenlik duvarlar\u0131 ve G\u00fcvenli Soket Katman\u0131 (SSL) \u015fifrelemesi gibi genel kabul g\u00f6rm\u00fc\u015f g\u00fcvenlik teknolojisi standartlar\u0131n\u0131 kullanmaktad\u0131r. Buna ek olarak, web sitesi, mobil uygulama ve mobil sitesi arac\u0131l\u0131\u011f\u0131yla DP\u2019ye ki\u015fisel verilerinizi g\u00f6nderirken, bu veriler SSL kullan\u0131larak aktar\u0131lmaktad\u0131r.<\/p>\n\n\n\n<p>DP i\u015fledi\u011fi ki\u015fisel verilere hukuka ayk\u0131r\u0131 eri\u015fimin engellenmesi, bu verilerin hukuka ayk\u0131r\u0131 i\u015flenmesinin \u00f6nlenmesi ve ki\u015fisel verilerin muhafazas\u0131n\u0131n sa\u011flanmas\u0131na ili\u015fkin olarak:<\/p>\n\n\n\n<ul class=\"wp-block-list\">\n<li>Ki\u015fisel verilerin al\u0131nd\u0131\u011f\u0131 web sitesi t\u00fcm alanlar SSL ile korur,<\/li>\n\n\n\n<li>Web sitesinden toplanan ki\u015fisel verilerin hukuka ayk\u0131r\u0131 olarak i\u015flenmemesi i\u00e7in, \u00e7al\u0131\u015fanlar\u0131na y\u00f6nelik eri\u015fim yetki ve kontrol matrisleri olu\u015fturur ve uygulamaya al\u0131r,<\/li>\n\n\n\n<li>Ka\u011f\u0131t ortamdaki ki\u015fisel verilerin mutlaka kilitli dolaplarda muhafaza edilmesini ve sadece yetkili ki\u015filer taraf\u0131ndan eri\u015filmesini sa\u011flar.<\/li>\n\n\n\n<li>Hizmet al\u0131nan \u00fc\u00e7\u00fcnc\u00fc taraflara ait \u00e7erezler arac\u0131l\u0131\u011f\u0131yla i\u015flenen ki\u015fisel veriler,<\/li>\n\n\n\n<li>DP\u2019nin gerekli bilgi g\u00fcvenli\u011fi \u00f6nlemlerini almas\u0131na kar\u015f\u0131n, DP taraf\u0131ndan i\u015fletilen platformlara veya DP sistemine yap\u0131lan sald\u0131r\u0131lar sonucunda ki\u015fisel verilerin zarar g\u00f6rmesi veya yetkisiz \u00fc\u00e7\u00fcnc\u00fc ki\u015filerin eline ge\u00e7mesi durumunda, DP bu durumu derhal sizlere ve Ki\u015fisel Verileri Koruma Kurulu\u2019na bildirir ve gerekli \u00f6nlemleri al\u0131r.<\/li>\n<\/ul>\n\n\n\n<h4 class=\"wp-block-heading\">f. Ki\u015fisel Verilerin Kimlere ve Hangi Ama\u00e7la Aktar\u0131labilece\u011fi<\/h4>\n\n\n\n<p>DP ki\u015fisel verileri yaln\u0131zca i\u015fbu Gizlilik ve Ki\u015fisel Verilerin Korunmas\u0131 Politikas\u0131\u2019nda belirtilen ama\u00e7lar do\u011frultusunda ve KVK Kanunu\u2019nun 8. ve 9. maddelerine uygun olarak \u00fc\u00e7\u00fcnc\u00fc ki\u015filere aktarmaktad\u0131r.<\/p>\n\n\n\n<p>M\u00fc\u015fteri memnuniyetinin ve ba\u011fl\u0131l\u0131\u011f\u0131n\u0131n art\u0131r\u0131lmas\u0131 amac\u0131yla, M\u00fc\u015fteri\u2019ye ait veriler pazar ara\u015ft\u0131rmas\u0131 yapacak \u015firketlerle payla\u015f\u0131lmaktad\u0131r.<\/p>\n\n\n\n<p>Raporlama ve istatistiki \u00e7al\u0131\u015fmalar kapsam\u0131nda \u00dcye M\u00fc\u015fteri\/Misafir M\u00fc\u015fteri\u2019ye ait veriler DP pay sahibi olan Do\u011fu\u015f Holding A.\u015e. ile payla\u015f\u0131lmaktad\u0131r.<\/p>\n\n\n\n<p>Yukar\u0131da belirtti\u011fimiz yurt i\u00e7i ve yurt d\u0131\u015f\u0131 aktar\u0131ma konu ki\u015fisel veriler, g\u00fcvenliklerini sa\u011flayacak teknik tedbirlerin yan\u0131s\u0131ra; hukuki ili\u015fkinin kar\u015f\u0131 taraf\u0131n\u0131n veri sorumlusu veya veri i\u015fleyen olmas\u0131 dikkate al\u0131narak s\u00f6zle\u015fmelerimizde yer verilen KVK Kanunu uyumlu h\u00fck\u00fcmler sayesinde hukuki olarak da korunmaktad\u0131r.<\/p>\n\n\n\n<p>Yukar\u0131da belirtildi\u011fi \u015fekilde bilgi payla\u015f\u0131lmas\u0131 s\u0131ras\u0131nda T\u00fcrkiye d\u0131\u015f\u0131ndaki \u00fclkelere ki\u015fisel bilgileri aktar\u0131rken, verilerin bu politikaya uygun olarak ve veri korumaya ili\u015fkin uygulanacak hukukun izin verdi\u011fi \u015fekilde aktar\u0131lmas\u0131 sa\u011flanmaktad\u0131r.<\/p>\n\n\n\n<h4 class=\"wp-block-heading\">g. Ki\u015fisel Verileri Saklanma S\u00fcreleri<\/h4>\n\n\n\n<p>DP i\u015fledi\u011fi ki\u015fisel verileri ilgili mevzuatta \u00f6ng\u00f6r\u00fclen veya i\u015fleme amac\u0131n\u0131n gerektirdi\u011fi s\u00fcreler boyunca KVK Kanunu ile uyumlu olarak muhafaza eder. Ki\u015fisel Veri Saklama ve \u0130mha Politikam\u0131zda bu s\u00fcreler yakla\u015f\u0131k olarak a\u015fa\u011f\u0131daki gibidir:<\/p>\n\n\n\n<figure class=\"wp-block-table\"><table class=\"has-fixed-layout\"><tbody><tr><td>Muhasebe ve finansal i\u015flemlere ili\u015fkin t\u00fcm kay\u0131tlar<\/td><td>10 y\u0131l<\/td><td>6102 Say\u0131l\u0131 Kanun, 213 Say\u0131l\u0131 Kanun<\/td><\/tr><tr><td>Ticari elektronik ileti onay kay\u0131tlar\u0131<\/td><td>Onay\u0131n geri al\u0131nd\u0131\u011f\u0131 tarihten itibaren 1 y\u0131l<\/td><td>6563 Say\u0131l\u0131 Kanun ve ilgili ikincil mevzuat<\/td><\/tr><tr><td>\u00c7evrim i\u00e7i ziyaret\u00e7ilere &nbsp;ili\u015fkin trafik bilgileri<\/td><td>2 y\u0131l<\/td><td>5651 Say\u0131l\u0131 Kanun<\/td><\/tr><tr><td>M\u00fc\u015fterilere ili\u015fkin &nbsp;ki\u015fisel veriler<\/td><td>Hukuki ili\u015fki sona erdikten &nbsp; sonra 10 y\u0131l; 6563 Kanun ve &nbsp;ilgili ikincil mevzuat uyar\u0131nca 3 y\u0131l<\/td><td>6563 Say\u0131l\u0131 Kanun, 6102 Say\u0131l\u0131 Kanun, 6098 Say\u0131l\u0131 Kanun, 213 Say\u0131l\u0131 Kanun, 6502 Say\u0131l\u0131 Kanun<\/td><\/tr><tr><td>Tedarik\u00e7ilere ili\u015fkin&nbsp;ki\u015fisel veriler<\/td><td>Hukuki ili\u015fki sona erdikten &nbsp; &nbsp;sonra 10 y\u0131l<\/td><td>6102 Say\u0131l\u0131 Kanun, 6098 Say\u0131l\u0131 Kanun ve 213 Say\u0131l\u0131 Kanun<\/td><\/tr><\/tbody><\/table><\/figure>\n\n\n\n<h4 class=\"wp-block-heading\">i. \u0130lgili Ki\u015filer\u2019in Ki\u015fisel Verileri \u00dczerindeki Haklar\u0131n\u0131n Neler Oldu\u011funu ve Bu Haklar\u0131 Nas\u0131l Kullanabilecekleri<\/h4>\n\n\n\n<p>DP taraf\u0131ndan i\u015flenen ki\u015fisel veriler \u00fczerinde \u0130lgili Ki\u015fi\u2019nin KVK Kanunu madde 11 uyar\u0131nca sahip oldu\u011fu haklar a\u015fa\u011f\u0131da s\u0131ralanmaktad\u0131r:<\/p>\n\n\n\n<ul class=\"wp-block-list\">\n<li>Ki\u015fisel veri i\u015flenip i\u015flenmedi\u011fini \u00f6\u011frenme,<\/li>\n\n\n\n<li>Ki\u015fisel verileri i\u015flenmi\u015fse buna ili\u015fkin bilgi talep etme,<\/li>\n\n\n\n<li>Ki\u015fisel verilerin i\u015flenme amac\u0131n\u0131 ve bunlar\u0131n amac\u0131na uygun kullan\u0131l\u0131p kullan\u0131lmad\u0131\u011f\u0131n\u0131 \u00f6\u011frenme,<\/li>\n\n\n\n<li>Yurt i\u00e7inde veya yurt d\u0131\u015f\u0131nda ki\u015fisel verilerin aktar\u0131ld\u0131\u011f\u0131 \u00fc\u00e7\u00fcnc\u00fc ki\u015fileri bilme,<\/li>\n\n\n\n<li>Ki\u015fisel verilerin eksik veya yanl\u0131\u015f i\u015flenmi\u015f olmas\u0131 h\u00e2linde bunlar\u0131n d\u00fczeltilmesini isteme,<\/li>\n\n\n\n<li>KVK Kanunu 7. maddede \u00f6ng\u00f6r\u00fclen \u015fartlar \u00e7er\u00e7evesinde ki\u015fisel verilerin silinmesini veya yok edilmesini isteme,<\/li>\n\n\n\n<li>(d) ve (e) bentleri uyar\u0131nca yap\u0131lan i\u015flemlerin, ki\u015fisel verilerin aktar\u0131ld\u0131\u011f\u0131 \u00fc\u00e7\u00fcnc\u00fc ki\u015filere bildirilmesini isteme,<\/li>\n\n\n\n<li>\u0130\u015flenen verilerin m\u00fcnhas\u0131ran otomatik sistemler vas\u0131tas\u0131yla analiz edilmesi suretiyle ki\u015finin kendisi aleyhine bir sonucun ortaya \u00e7\u0131kmas\u0131na itiraz etme,<\/li>\n\n\n\n<li>Ki\u015fisel verilerin kanuna ayk\u0131r\u0131 olarak i\u015flenmesi sebebiyle zarara u\u011framas\u0131 h\u00e2linde zarar\u0131n giderilmesini talep etme.<\/li>\n<\/ul>\n\n\n\n<p>Ki\u015fisel verileriniz \u00fczerindeki haklar\u0131n\u0131z\u0131 kullanmak amac\u0131yla; DP taraf\u0131ndan i\u015fletilen elektronik ticaret platformlar\u0131n\u0131n web sitesinde yer alan KVK Kanunu madde 13 uyar\u0131nca d\u00fczenlenen \u201cBa\u015fvuru Formu\u201d\u2019nda belirtilen y\u00f6ntemlerle ba\u015fvurunuzu yapabilir ve haklar\u0131n\u0131z\u0131 kullanabilirsiniz.<\/p>\n\n\n\n<h4 class=\"wp-block-heading\">j. \u0130lgili Ki\u015filer\u2019in Elektronik Ticari \u0130leti Alma Konusundaki Olumlu Veya Olumsuz Tercihlerini Nas\u0131l De\u011fi\u015ftirebilecekleri<\/h4>\n\n\n\n<p>M\u00fc\u015fterinin Ticari Elektronik \u0130letiye ili\u015fkin izni DP\u2019ye ait ma\u011fazalarda yer alan m\u00fc\u015fteri bilgi formlar\u0131 arac\u0131l\u0131\u011f\u0131, web sitesinde yer alan bilgi formu ve onay SMS\u2019i arac\u0131l\u0131\u011f\u0131yla al\u0131nmaktad\u0131r. Ticari ileti g\u00f6nderimi DP taraf\u0131ndan g\u00f6nderilmektedir.<\/p>\n\n\n\n<p>Daha sonraki bir zamanda vermi\u015f oldu\u011funuz ticari elektronik ileti alma konusundaki olumlu veya olumsuz tercihlerinizi diledi\u011finiz zaman web sitesi \u00fczerinden veya \u2026\u2019ye \u2026 yazarak g\u00f6nderece\u011finiz SMS arac\u0131l\u0131\u011fla de\u011fi\u015ftirebilir veya g\u00fcncelleyebilirsiniz.<\/p>\n\n\n\n<h3 class=\"wp-block-heading\">2. Ki\u015fisel Verilerin Silinmesi, Yok Edilmesi ve Anonimle\u015ftirilmesi \u015eartlar\u0131<\/h3>\n\n\n\n<p>DP web sitesi, mobil uygulamas\u0131 arac\u0131l\u0131\u011f\u0131yla i\u015fledi\u011fi ki\u015fisel verileri, KVK Kanunu madde 7, 17 ve T\u00fcrk Ceza Kanunu madde 138 uyar\u0131nca ilgili kanunlar\u0131n \u00f6ng\u00f6rd\u00fc\u011f\u00fc s\u00fcreler ve\/veya i\u015fleme amac\u0131n\u0131n gerekli k\u0131ld\u0131\u011f\u0131 s\u00fcreler boyunca saklamaktad\u0131r. Bu s\u00fcrelerin sona ermesi durumunda ise Ki\u015fisel Verilerin Silinmesi, Yok Edilmesi veya Anonim Hale Getirilmesi Hakk\u0131nda Y\u00f6netmelik h\u00fck\u00fcmleri uyar\u0131nca silecek, yok edecek veya anonim hale getirecektir.<\/p>\n\n\n\n<p>DP taraf\u0131ndan ki\u015fisel verilerin silinmesi, ki\u015fisel verilerin ilgili kullan\u0131c\u0131lar i\u00e7in hi\u00e7bir \u015fekilde eri\u015filemez ve tekrar kullan\u0131lamaz hale getirilmesi i\u015flemini ifade etmektedir. DP bunun i\u00e7in kullan\u0131c\u0131 seviyesinde eri\u015fim yetki ve kontrol matrisi olu\u015fturur ve uygulamaya al\u0131r. Veri taban\u0131nda silme i\u015fleminin ger\u00e7ekle\u015ftirilmesi i\u00e7in gerekli tedbirleri al\u0131r.<\/p>\n\n\n\n<p>DP taraf\u0131ndan ki\u015fisel verilerin yok edilmesi, ki\u015fisel verilerin hi\u00e7 kimse taraf\u0131ndan hi\u00e7bir \u015fekilde eri\u015filemez, geri getirilemez ve tekrar kullan\u0131lamaz hale getirilmesi i\u015flemini ifade etmektedir.<\/p>\n\n\n\n<p>DP taraf\u0131ndan ki\u015fisel verilerin anonim hale getirilmesi, ki\u015fisel verilerin ba\u015fka verilerle e\u015fle\u015ftirilse dahi hi\u00e7bir surette kimli\u011fi belirli veya belirlenebilir bir ger\u00e7ek ki\u015fiyle ili\u015fkilendirilemeyecek hale getirilmesini ifade etmektedir.<\/p>\n\n\n\n<p>DP Ki\u015fisel Verilerin Silinmesi, Yok Edilmesi veya Anonim Hale Getirilmesi Hakk\u0131nda Y\u00f6netmelik uyar\u0131nca haz\u0131rlad\u0131\u011f\u0131 Ki\u015fisel Verilerin Saklanmas\u0131 ve \u0130mhas\u0131 Politikas\u0131 kapsam\u0131nda silme, yok etme ve anonim hale getirmeye ili\u015fkin y\u00f6ntemleri ve ald\u0131\u011f\u0131 teknik ve idari tedbirleri ayr\u0131nt\u0131l\u0131 olarak a\u00e7\u0131klamaktad\u0131r. Bu Politika\u2019da ayr\u0131ca Y\u00f6netmeli\u011fin \u00f6ng\u00f6rd\u00fc\u011f\u00fc periyodik imhan\u0131n ger\u00e7ekle\u015ftirilece\u011fi zaman aral\u0131\u011f\u0131 6 ay olarak belirlenmi\u015ftir.<\/p>\n\n\n\n<h3 class=\"wp-block-heading\">3. Gizlilik\/Ki\u015fisel Verilerin Korunmas\u0131 Politikas\u0131\u2019nda Yap\u0131lacak De\u011fi\u015fiklikler<\/h3>\n\n\n\n<p>DP i\u015fbu Gizlilik\/Ki\u015fisel Verilerin Korunmas\u0131 Politikas\u0131\u2019nda her zaman de\u011fi\u015fiklik yapabilir. Bu de\u011fi\u015fiklikler, de\u011fi\u015ftirilmi\u015f yeni Gizlilik\/Ki\u015fisel Verilerin Korunmas\u0131 Politikas\u0131\u2019n\u0131n yay\u0131nlanmas\u0131yla birlikte derhal ge\u00e7erlilik kazan\u0131r. \u0130\u015fbu Gizlilik\/Ki\u015fisel Verilerin Korunmas\u0131 Politikas\u0131\u2019ndaki de\u011fi\u015fikliklerden haberdar olman\u0131z i\u00e7in, siz \u00fcyelerimize gerekli bilgilendirme yap\u0131lacakt\u0131r.<\/p>\n\n\n\n<h3 class=\"wp-block-heading\">M\u00dc\u015eTER\u0130 A\u00c7IK RIZA BEYANI<\/h3>\n\n\n\n<p>Yukar\u0131da taraf\u0131ma yap\u0131lan bilgilendirme \u00e7er\u00e7evesinde, verdi\u011fim t\u00fcm ki\u015fisel bilgileri kendi r\u0131zamla verdi\u011fimi beyan eder, vermi\u015f oldu\u011fum ki\u015fisel verilerin \u015eirket taraf\u0131ndan yukar\u0131da belirtilen ama\u00e7larla kullan\u0131lmas\u0131na, kaydedilmesine ve bu ama\u00e7larla yurt i\u00e7i ya da yurt d\u0131\u015f\u0131na aktar\u0131lmas\u0131na, ki\u015fisel ileti\u015fim bilgilerimin bu r\u0131za beyan\u0131 \u015fartlar\u0131 d\u00e2hilinde saklanmas\u0131na, kaydedilmesine ve \u00fc\u00e7\u00fcnc\u00fc ki\u015filer ile payla\u015f\u0131lmas\u0131na a\u00e7\u0131k muvafakatim oldu\u011funu, ki\u015fisel verilerinin i\u015flenmesine ve korunmas\u0131na ili\u015fkin olarak bilgi talep etme hakk\u0131m dahil olmak \u00fczere t\u00fcm haklar\u0131m\u0131 \u00f6\u011frendi\u011fimi ve veri sorumlusuna ba\u015fvurarak haklar\u0131m\u0131 Kanuna uygun bi\u00e7imde her zaman kullanabilece\u011fim noktas\u0131nda bilgilendirildi\u011fimi kabul ve beyan ederim.<\/p>\n","protected":false},"excerpt":{"rendered":"<p>DO\u011eU\u015e PERAKENDE G\u0130ZL\u0130L\u0130K VE K\u0130\u015e\u0130SEL VER\u0130LER\u0130N KORUNMASI POL\u0130T\u0130KASI AYDINLATMA METN\u0130 VE A\u00c7IK RIZA METN\u0130 Ki\u015fisel verilerin korunmas\u0131 Do\u011fu\u015f Perakende Sat\u0131\u015f Giyim ve Aksesuar Ticaret A.\u015e. (\u201cDP\u201d) i\u00e7in \u00f6nemli bir konudur. DP veri sorumlusu olarak, 6698 Say\u0131l\u0131 Ki\u015fisel Verilerin Korunmas\u0131 Kanunu\u2019na (\u201cKVK Kanunu\u201d) uyum sa\u011flanmas\u0131 i\u00e7in KVK Kanunu\u2019nun \u00f6ng\u00f6rd\u00fc\u011f\u00fc ilkeleri benimsemekte, ki\u015fisel verilerin i\u015flenmesi, silinmesi, yok [&hellip;]<\/p>\n","protected":false},"author":1,"featured_media":35,"parent":0,"menu_order":0,"comment_status":"closed","ping_status":"closed","template":"","meta":{"footnotes":""},"class_list":["post-56","page","type-page","status-publish","has-post-thumbnail","hentry"],"_links":{"self":[{"href":"https:\/\/dogusperakende.com.tr\/index.php?rest_route=\/wp\/v2\/pages\/56","targetHints":{"allow":["GET"]}}],"collection":[{"href":"https:\/\/dogusperakende.com.tr\/index.php?rest_route=\/wp\/v2\/pages"}],"about":[{"href":"https:\/\/dogusperakende.com.tr\/index.php?rest_route=\/wp\/v2\/types\/page"}],"author":[{"embeddable":true,"href":"https:\/\/dogusperakende.com.tr\/index.php?rest_route=\/wp\/v2\/users\/1"}],"replies":[{"embeddable":true,"href":"https:\/\/dogusperakende.com.tr\/index.php?rest_route=%2Fwp%2Fv2%2Fcomments&post=56"}],"version-history":[{"count":2,"href":"https:\/\/dogusperakende.com.tr\/index.php?rest_route=\/wp\/v2\/pages\/56\/revisions"}],"predecessor-version":[{"id":66,"href":"https:\/\/dogusperakende.com.tr\/index.php?rest_route=\/wp\/v2\/pages\/56\/revisions\/66"}],"wp:featuredmedia":[{"embeddable":true,"href":"https:\/\/dogusperakende.com.tr\/index.php?rest_route=\/wp\/v2\/media\/35"}],"wp:attachment":[{"href":"https:\/\/dogusperakende.com.tr\/index.php?rest_route=%2Fwp%2Fv2%2Fmedia&parent=56"}],"curies":[{"name":"wp","href":"https:\/\/api.w.org\/{rel}","templated":true}]}}